{"id":17917,"date":"2023-09-28T11:38:43","date_gmt":"2023-09-28T11:38:43","guid":{"rendered":"https:\/\/www.rmcr.org\/?page_id=17917"},"modified":"2023-09-28T12:18:34","modified_gmt":"2023-09-28T12:18:34","slug":"actividad-%c2%b7-unidad-didactica","status":"publish","type":"page","link":"https:\/\/www.rmcr.org\/en\/actividad-%c2%b7-unidad-didactica\/","title":{"rendered":"Actividad \u00b7 Unidad did\u00e1ctica"},"content":{"rendered":"\t\t<div data-elementor-type=\"wp-page\" data-elementor-id=\"17917\" class=\"elementor elementor-17917\" data-elementor-post-type=\"page\">\n\t\t\t\t\t\t<section class=\"elementor-section elementor-top-section elementor-element elementor-element-ec2cd30 elementor-section-boxed elementor-section-height-default elementor-section-height-default\" data-id=\"ec2cd30\" data-element_type=\"section\" data-e-type=\"section\">\n\t\t\t\t\t\t<div class=\"elementor-container elementor-column-gap-default\">\n\t\t\t\t\t<div class=\"elementor-column elementor-col-100 elementor-top-column elementor-element elementor-element-39ec8826\" data-id=\"39ec8826\" data-element_type=\"column\" data-e-type=\"column\" data-settings=\"{&quot;background_background&quot;:&quot;slideshow&quot;,&quot;background_slideshow_gallery&quot;:[],&quot;background_slideshow_loop&quot;:&quot;yes&quot;,&quot;background_slideshow_slide_duration&quot;:5000,&quot;background_slideshow_slide_transition&quot;:&quot;fade&quot;,&quot;background_slideshow_transition_duration&quot;:500}\">\n\t\t\t<div class=\"elementor-widget-wrap elementor-element-populated\">\n\t\t\t\t\t\t<div class=\"elementor-element elementor-element-343cd7c imagen-cabecera elementor-widget elementor-widget-image\" data-id=\"343cd7c\" data-element_type=\"widget\" data-e-type=\"widget\" data-widget_type=\"image.default\">\n\t\t\t\t<div class=\"elementor-widget-container\">\n\t\t\t\t\t\t\t\t\t\t\t\t\t\t\t<img fetchpriority=\"high\" decoding=\"async\" width=\"1440\" height=\"620\" src=\"https:\/\/www.rmcr.org\/wp-content\/uploads\/2023\/09\/Portada.png\" class=\"attachment-full size-full wp-image-17918\" alt=\"\" srcset=\"https:\/\/www.rmcr.org\/wp-content\/uploads\/2023\/09\/Portada.png 1440w, https:\/\/www.rmcr.org\/wp-content\/uploads\/2023\/09\/Portada-300x129.png 300w, https:\/\/www.rmcr.org\/wp-content\/uploads\/2023\/09\/Portada-1024x441.png 1024w, https:\/\/www.rmcr.org\/wp-content\/uploads\/2023\/09\/Portada-768x331.png 768w\" sizes=\"(max-width: 1440px) 100vw, 1440px\" \/>\t\t\t\t\t\t\t\t\t\t\t\t\t\t\t<\/div>\n\t\t\t\t<\/div>\n\t\t\t\t\t<\/div>\n\t\t<\/div>\n\t\t\t\t\t<\/div>\n\t\t<\/section>\n\t\t\t\t<section class=\"elementor-section elementor-top-section elementor-element elementor-element-5370dab6 elementor-section-boxed elementor-section-height-default elementor-section-height-default\" data-id=\"5370dab6\" data-element_type=\"section\" data-e-type=\"section\">\n\t\t\t\t\t\t<div class=\"elementor-container elementor-column-gap-default\">\n\t\t\t\t\t<div class=\"elementor-column elementor-col-100 elementor-top-column elementor-element elementor-element-423f3373\" data-id=\"423f3373\" data-element_type=\"column\" data-e-type=\"column\">\n\t\t\t<div class=\"elementor-widget-wrap elementor-element-populated\">\n\t\t\t\t\t\t<div class=\"elementor-element elementor-element-c4c2585 elementor-widget elementor-widget-heading\" data-id=\"c4c2585\" data-element_type=\"widget\" data-e-type=\"widget\" data-widget_type=\"heading.default\">\n\t\t\t\t<div class=\"elementor-widget-container\">\n\t\t\t\t\t<h1 class=\"elementor-heading-title elementor-size-default\">UNIDAD DID\u00c1CTICA<\/h1>\t\t\t\t<\/div>\n\t\t\t\t<\/div>\n\t\t\t\t<div class=\"elementor-element elementor-element-426ac308 elementor-widget elementor-widget-heading\" data-id=\"426ac308\" data-element_type=\"widget\" data-e-type=\"widget\" data-widget_type=\"heading.default\">\n\t\t\t\t<div class=\"elementor-widget-container\">\n\t\t\t\t\t<h2 class=\"elementor-heading-title elementor-size-default\">Teaching Unit<\/h2>\t\t\t\t<\/div>\n\t\t\t\t<\/div>\n\t\t\t\t<div class=\"elementor-element elementor-element-5605cb9 elementor-widget elementor-widget-heading\" data-id=\"5605cb9\" data-element_type=\"widget\" data-e-type=\"widget\" data-widget_type=\"heading.default\">\n\t\t\t\t<div class=\"elementor-widget-container\">\n\t\t\t\t\t<h3 class=\"elementor-heading-title elementor-size-default\">La Real Maestranza de Caballer\u00eda de Ronda celebra su 450\u00ba aniversario con un proyecto educativo. Busca compartir su historia y su relaci\u00f3n con Ronda, ofreciendo un recurso did\u00e1ctico para docentes y estudiantes. El objetivo es entender el desarrollo hist\u00f3rico de Ronda, destacando la importancia de la RMR y promoviendo el uso de fuentes hist\u00f3ricas y la investigaci\u00f3n en diversas \u00e1reas curriculares<\/h3>\t\t\t\t<\/div>\n\t\t\t\t<\/div>\n\t\t\t\t<div class=\"elementor-element elementor-element-f9c3b7e elementor-widget elementor-widget-heading\" data-id=\"f9c3b7e\" data-element_type=\"widget\" data-e-type=\"widget\" data-widget_type=\"heading.default\">\n\t\t\t\t<div class=\"elementor-widget-container\">\n\t\t\t\t\t<h4 class=\"elementor-heading-title elementor-size-default\">La Real Maestranza de Caballer\u00eda de Ronda (RMR), celebrates its 450th anniversary with an educational project. It aims to share its history and its connection with Ronda by providing an educational resource for teachers and students. The goal is to understand the historical development of Ronda, emphasizing the significance of the RMR and promoting the use of historical sources and research across various curriculum areas.<\/h4>\t\t\t\t<\/div>\n\t\t\t\t<\/div>\n\t\t\t\t\t<\/div>\n\t\t<\/div>\n\t\t\t\t\t<\/div>\n\t\t<\/section>\n\t\t\t\t<section class=\"elementor-section elementor-top-section elementor-element elementor-element-8eb6d4d elementor-section-boxed elementor-section-height-default elementor-section-height-default\" data-id=\"8eb6d4d\" data-element_type=\"section\" data-e-type=\"section\" data-settings=\"{&quot;background_background&quot;:&quot;classic&quot;}\">\n\t\t\t\t\t\t<div class=\"elementor-container elementor-column-gap-default\">\n\t\t\t\t\t<div class=\"elementor-column elementor-col-100 elementor-top-column elementor-element elementor-element-04582d3\" data-id=\"04582d3\" data-element_type=\"column\" data-e-type=\"column\" data-settings=\"{&quot;background_background&quot;:&quot;classic&quot;}\">\n\t\t\t<div class=\"elementor-widget-wrap elementor-element-populated\">\n\t\t\t\t\t\t<div class=\"elementor-element elementor-element-03ec931 elementor-widget__width-initial elementor-widget elementor-widget-card-image-horizontal\" data-id=\"03ec931\" data-element_type=\"widget\" data-e-type=\"widget\" data-widget_type=\"card-image-horizontal.default\">\n\t\t\t\t<div class=\"elementor-widget-container\">\n\t\t\t\t\t<div class=\"card-image-horizontal\"> <img decoding=\"async\" src=\"https:\/\/www.rmcr.org\/wp-content\/uploads\/2023\/09\/1-1.png\" alt=\"\"><div class=\"content\"><h2 class=\"title\">Introducci\u00f3n<\/h2><div class=\"text\"><p>El mejor caballo de la historia de Ronda es un proyecto educativo que busca acercar la Real Maestranza de Caballer\u00eda de Ronda a los escolares de Primaria y a la comunidad en general, ofreciendo recursos para Ciencias Sociales, Educaci\u00f3n Pl\u00e1stica y Visual, y Lengua Castellana y Literatura.<\/p><\/div><a class=\"button\" href=\"https:\/\/www.rmcr.org\/wp-content\/uploads\/2023\/09\/Ronda_Relato_3.pdf\" class=\"button\" target=\"_blank\">Descargar <\/a><\/div><\/div>\t\t\t\t<\/div>\n\t\t\t\t<\/div>\n\t\t\t\t\t<\/div>\n\t\t<\/div>\n\t\t\t\t\t<\/div>\n\t\t<\/section>\n\t\t\t\t<section class=\"elementor-section elementor-top-section elementor-element elementor-element-bb4ed8e elementor-section-content-top elementor-section-boxed elementor-section-height-default elementor-section-height-default\" data-id=\"bb4ed8e\" data-element_type=\"section\" data-e-type=\"section\">\n\t\t\t\t\t\t<div class=\"elementor-container elementor-column-gap-wide\">\n\t\t\t\t\t<div class=\"elementor-column elementor-col-100 elementor-top-column elementor-element elementor-element-d2dc0d3\" data-id=\"d2dc0d3\" data-element_type=\"column\" data-e-type=\"column\">\n\t\t\t<div class=\"elementor-widget-wrap elementor-element-populated\">\n\t\t\t\t\t\t<div class=\"elementor-element elementor-element-e2fe84e elementor-align-center elementor-widget__width-initial elementor-widget elementor-widget-button\" data-id=\"e2fe84e\" data-element_type=\"widget\" data-e-type=\"widget\" data-widget_type=\"button.default\">\n\t\t\t\t<div class=\"elementor-widget-container\">\n\t\t\t\t\t\t\t\t\t<div class=\"elementor-button-wrapper\">\n\t\t\t\t\t<a class=\"elementor-button elementor-button-link elementor-size-sm\" href=\"https:\/\/youtu.be\/CAW9w7lPJUM?si=tFtvuduhEdskOX8g\" target=\"_blank\">\n\t\t\t\t\t\t<span class=\"elementor-button-content-wrapper\">\n\t\t\t\t\t\t\t\t\t<span class=\"elementor-button-text\">Puedes escuchar el audio de este cap\u00edtulo aqu\u00ed<\/span>\n\t\t\t\t\t<\/span>\n\t\t\t\t\t<\/a>\n\t\t\t\t<\/div>\n\t\t\t\t\t\t\t\t<\/div>\n\t\t\t\t<\/div>\n\t\t\t\t\t<\/div>\n\t\t<\/div>\n\t\t\t\t\t<\/div>\n\t\t<\/section>\n\t\t\t\t<section class=\"elementor-section elementor-top-section elementor-element elementor-element-a001530 elementor-section-boxed elementor-section-height-default elementor-section-height-default\" data-id=\"a001530\" data-element_type=\"section\" data-e-type=\"section\">\n\t\t\t\t\t\t<div class=\"elementor-container elementor-column-gap-default\">\n\t\t\t\t\t<div class=\"elementor-column elementor-col-100 elementor-top-column elementor-element elementor-element-19fa39f\" data-id=\"19fa39f\" data-element_type=\"column\" data-e-type=\"column\">\n\t\t\t<div class=\"elementor-widget-wrap elementor-element-populated\">\n\t\t\t\t\t\t<div class=\"elementor-element elementor-element-ce21ae4 elementor-widget elementor-widget-spacer\" data-id=\"ce21ae4\" data-element_type=\"widget\" data-e-type=\"widget\" data-widget_type=\"spacer.default\">\n\t\t\t\t<div class=\"elementor-widget-container\">\n\t\t\t\t\t\t\t<div class=\"elementor-spacer\">\n\t\t\t<div class=\"elementor-spacer-inner\"><\/div>\n\t\t<\/div>\n\t\t\t\t\t\t<\/div>\n\t\t\t\t<\/div>\n\t\t\t\t<div class=\"elementor-element elementor-element-f96f668 elementor-widget__width-initial elementor-widget elementor-widget-card-image-horizontal\" data-id=\"f96f668\" data-element_type=\"widget\" data-e-type=\"widget\" data-widget_type=\"card-image-horizontal.default\">\n\t\t\t\t<div class=\"elementor-widget-container\">\n\t\t\t\t\t<div class=\"card-image-horizontal\"> <img decoding=\"async\" src=\"https:\/\/www.rmcr.org\/wp-content\/uploads\/2023\/09\/2-1.png\" alt=\"\"><div class=\"content\"><h2 class=\"title\">EQUUS Y ADRIANO<\/h2><div class=\"text\"><p>El texto relata la \u00edntima relaci\u00f3n entre el emperador romano Adriano y su caballo, Equus. Desde el amanecer, Adriano llama a su fiel amigo con cari\u00f1o. Equus, quien se cree especial debido a su origen mitol\u00f3gico, recibe un trato excepcional. La historia se desarrolla en El Acebuchar, donde Adriano sue\u00f1a con ser un centauro para estar a\u00fan m\u00e1s cerca de su querido caballo.<\/p><\/div><a class=\"button\" href=\"https:\/\/www.rmcr.org\/wp-content\/uploads\/2023\/09\/RelatoLargo_1-1.pdf\" class=\"button\" target=\"_blank\">Descargar <\/a><\/div><\/div>\t\t\t\t<\/div>\n\t\t\t\t<\/div>\n\t\t\t\t\t<\/div>\n\t\t<\/div>\n\t\t\t\t\t<\/div>\n\t\t<\/section>\n\t\t\t\t<section class=\"elementor-section elementor-top-section elementor-element elementor-element-4ab23aa elementor-section-boxed elementor-section-height-default elementor-section-height-default\" data-id=\"4ab23aa\" data-element_type=\"section\" data-e-type=\"section\">\n\t\t\t\t\t\t<div class=\"elementor-container elementor-column-gap-default\">\n\t\t\t\t\t<div class=\"elementor-column elementor-col-100 elementor-top-column elementor-element elementor-element-7cc0771\" data-id=\"7cc0771\" data-element_type=\"column\" data-e-type=\"column\">\n\t\t\t<div class=\"elementor-widget-wrap elementor-element-populated\">\n\t\t\t\t\t\t<div class=\"elementor-element elementor-element-0110318 elementor-align-center elementor-widget__width-initial elementor-widget elementor-widget-button\" data-id=\"0110318\" data-element_type=\"widget\" data-e-type=\"widget\" data-widget_type=\"button.default\">\n\t\t\t\t<div class=\"elementor-widget-container\">\n\t\t\t\t\t\t\t\t\t<div class=\"elementor-button-wrapper\">\n\t\t\t\t\t<a class=\"elementor-button elementor-button-link elementor-size-sm\" href=\"https:\/\/youtu.be\/lCk2xvkMF5c?si=SfT8LTpYZ231a2M1\" target=\"_blank\">\n\t\t\t\t\t\t<span class=\"elementor-button-content-wrapper\">\n\t\t\t\t\t\t\t\t\t<span class=\"elementor-button-text\">Puedes escuchar el audio de este cap\u00edtulo aqu\u00ed<\/span>\n\t\t\t\t\t<\/span>\n\t\t\t\t\t<\/a>\n\t\t\t\t<\/div>\n\t\t\t\t\t\t\t\t<\/div>\n\t\t\t\t<\/div>\n\t\t\t\t<div class=\"elementor-element elementor-element-2173171 elementor-widget elementor-widget-spacer\" data-id=\"2173171\" data-element_type=\"widget\" data-e-type=\"widget\" data-widget_type=\"spacer.default\">\n\t\t\t\t<div class=\"elementor-widget-container\">\n\t\t\t\t\t\t\t<div class=\"elementor-spacer\">\n\t\t\t<div class=\"elementor-spacer-inner\"><\/div>\n\t\t<\/div>\n\t\t\t\t\t\t<\/div>\n\t\t\t\t<\/div>\n\t\t\t\t<div class=\"elementor-element elementor-element-30325af elementor-widget__width-initial elementor-widget elementor-widget-card-image-horizontal\" data-id=\"30325af\" data-element_type=\"widget\" data-e-type=\"widget\" data-widget_type=\"card-image-horizontal.default\">\n\t\t\t\t<div class=\"elementor-widget-container\">\n\t\t\t\t\t<div class=\"card-image-horizontal\"> <img decoding=\"async\" src=\"https:\/\/www.rmcr.org\/wp-content\/uploads\/2023\/09\/3-1.png\" alt=\"\"><div class=\"content\"><h2 class=\"title\">LUNA Y ZORAIDA<\/h2><div class=\"text\"><p>Luna, un caballo cuya ascendencia se remonta a los tiempos del rey Salom\u00f3n, se encuentra con su ama Zoraida, una esclava del emir Abomelic. Juntas, emprenden un viaje desde el palacio a una gruta secreta cerca del r\u00edo Guadalev\u00edn, llevando dos c\u00e1ntaros vac\u00edos. Tras llenarlos en la fuente de los ocho ca\u00f1os, Zoraida decide tomar un ba\u00f1o en el r\u00edo en lugar de ir al hammam.<\/p><\/div><a class=\"button\" href=\"https:\/\/www.rmcr.org\/wp-content\/uploads\/2023\/09\/RelatoLargo_2-1.pdf\" class=\"button\" target=\"_blank\">Descargar <\/a><\/div><\/div>\t\t\t\t<\/div>\n\t\t\t\t<\/div>\n\t\t\t\t\t<\/div>\n\t\t<\/div>\n\t\t\t\t\t<\/div>\n\t\t<\/section>\n\t\t\t\t<section class=\"elementor-section elementor-top-section elementor-element elementor-element-ac9262e elementor-section-boxed elementor-section-height-default elementor-section-height-default\" data-id=\"ac9262e\" data-element_type=\"section\" data-e-type=\"section\">\n\t\t\t\t\t\t<div class=\"elementor-container elementor-column-gap-default\">\n\t\t\t\t\t<div class=\"elementor-column elementor-col-100 elementor-top-column elementor-element elementor-element-0365d6d\" data-id=\"0365d6d\" data-element_type=\"column\" data-e-type=\"column\">\n\t\t\t<div class=\"elementor-widget-wrap elementor-element-populated\">\n\t\t\t\t\t\t<div class=\"elementor-element elementor-element-e8ea566 elementor-align-center elementor-widget__width-initial elementor-widget elementor-widget-button\" data-id=\"e8ea566\" data-element_type=\"widget\" data-e-type=\"widget\" data-widget_type=\"button.default\">\n\t\t\t\t<div class=\"elementor-widget-container\">\n\t\t\t\t\t\t\t\t\t<div class=\"elementor-button-wrapper\">\n\t\t\t\t\t<a class=\"elementor-button elementor-button-link elementor-size-sm\" href=\"https:\/\/youtu.be\/uMmSG-LHX54?si=J5Lfxd_wlaGgBzEQ\">\n\t\t\t\t\t\t<span class=\"elementor-button-content-wrapper\">\n\t\t\t\t\t\t\t\t\t<span class=\"elementor-button-text\">Puedes escuchar el audio de este cap\u00edtulo aqu\u00ed<\/span>\n\t\t\t\t\t<\/span>\n\t\t\t\t\t<\/a>\n\t\t\t\t<\/div>\n\t\t\t\t\t\t\t\t<\/div>\n\t\t\t\t<\/div>\n\t\t\t\t<div class=\"elementor-element elementor-element-8c84e44 elementor-widget elementor-widget-spacer\" data-id=\"8c84e44\" data-element_type=\"widget\" data-e-type=\"widget\" data-widget_type=\"spacer.default\">\n\t\t\t\t<div class=\"elementor-widget-container\">\n\t\t\t\t\t\t\t<div class=\"elementor-spacer\">\n\t\t\t<div class=\"elementor-spacer-inner\"><\/div>\n\t\t<\/div>\n\t\t\t\t\t\t<\/div>\n\t\t\t\t<\/div>\n\t\t\t\t<div class=\"elementor-element elementor-element-556e8fb elementor-widget__width-initial elementor-widget elementor-widget-card-image-horizontal\" data-id=\"556e8fb\" data-element_type=\"widget\" data-e-type=\"widget\" data-widget_type=\"card-image-horizontal.default\">\n\t\t\t\t<div class=\"elementor-widget-container\">\n\t\t\t\t\t<div class=\"card-image-horizontal\"> <img decoding=\"async\" src=\"https:\/\/www.rmcr.org\/wp-content\/uploads\/2023\/09\/4.png\" alt=\"\"><div class=\"content\"><h2 class=\"title\">CRISTIANO Y EL CABALLERO<\/h2><div class=\"text\"><p>Cristiano, escapa de las revueltas en Ronda y llega a una gruta. Herido y sin amo, se refugia cerca del r\u00edo Guadalev\u00edn. Un d\u00eda, ve un caballero sin montura al otro lado del r\u00edo y entabla una conversaci\u00f3n. A pesar de sus diferencias, deciden unirse: el caballero necesita una montura, y Cristiano un amo. Juntos, parten en busca de la ama desaparecida de Cristiano.<\/p><\/div><a class=\"button\" href=\"https:\/\/www.rmcr.org\/wp-content\/uploads\/2023\/09\/RelatoLargo_3-1.pdf\" class=\"button\" target=\"_blank\">Descargar <\/a><\/div><\/div>\t\t\t\t<\/div>\n\t\t\t\t<\/div>\n\t\t\t\t\t<\/div>\n\t\t<\/div>\n\t\t\t\t\t<\/div>\n\t\t<\/section>\n\t\t\t\t<section class=\"elementor-section elementor-top-section elementor-element elementor-element-65d49b2 elementor-section-boxed elementor-section-height-default elementor-section-height-default\" data-id=\"65d49b2\" data-element_type=\"section\" data-e-type=\"section\">\n\t\t\t\t\t\t<div class=\"elementor-container elementor-column-gap-default\">\n\t\t\t\t\t<div class=\"elementor-column elementor-col-100 elementor-top-column elementor-element elementor-element-bc4bca5\" data-id=\"bc4bca5\" data-element_type=\"column\" data-e-type=\"column\">\n\t\t\t<div class=\"elementor-widget-wrap elementor-element-populated\">\n\t\t\t\t\t\t<div class=\"elementor-element elementor-element-3e2cd9d elementor-align-center elementor-widget__width-initial elementor-widget elementor-widget-button\" data-id=\"3e2cd9d\" data-element_type=\"widget\" data-e-type=\"widget\" data-widget_type=\"button.default\">\n\t\t\t\t<div class=\"elementor-widget-container\">\n\t\t\t\t\t\t\t\t\t<div class=\"elementor-button-wrapper\">\n\t\t\t\t\t<a class=\"elementor-button elementor-button-link elementor-size-sm\" href=\"https:\/\/youtu.be\/HhH0pt4hJ1M?si=_Zyp9Ocw8DR_eXGV\" target=\"_blank\">\n\t\t\t\t\t\t<span class=\"elementor-button-content-wrapper\">\n\t\t\t\t\t\t\t\t\t<span class=\"elementor-button-text\">Puedes escuchar el audio de este cap\u00edtulo aqu\u00ed<\/span>\n\t\t\t\t\t<\/span>\n\t\t\t\t\t<\/a>\n\t\t\t\t<\/div>\n\t\t\t\t\t\t\t\t<\/div>\n\t\t\t\t<\/div>\n\t\t\t\t<div class=\"elementor-element elementor-element-4efdd32 elementor-widget elementor-widget-spacer\" data-id=\"4efdd32\" data-element_type=\"widget\" data-e-type=\"widget\" data-widget_type=\"spacer.default\">\n\t\t\t\t<div class=\"elementor-widget-container\">\n\t\t\t\t\t\t\t<div class=\"elementor-spacer\">\n\t\t\t<div class=\"elementor-spacer-inner\"><\/div>\n\t\t<\/div>\n\t\t\t\t\t\t<\/div>\n\t\t\t\t<\/div>\n\t\t\t\t<div class=\"elementor-element elementor-element-3ab8079 elementor-widget__width-initial elementor-widget elementor-widget-card-image-horizontal\" data-id=\"3ab8079\" data-element_type=\"widget\" data-e-type=\"widget\" data-widget_type=\"card-image-horizontal.default\">\n\t\t\t\t<div class=\"elementor-widget-container\">\n\t\t\t\t\t<div class=\"card-image-horizontal\"> <img decoding=\"async\" src=\"https:\/\/www.rmcr.org\/wp-content\/uploads\/2023\/09\/5.png\" alt=\"\"><div class=\"content\"><h2 class=\"title\">HIDALGO Y LA INFANTA MARIANA VICTORIA DE BORB\u00d3N Y FARNESIO<\/h2><div class=\"text\"><p>Hidalgo, mientras pasea por el bosque en busca de trufas y frambuesas, se encuentra con la Infanta Mariana Victoria de Borb\u00f3n y Farnesio, quien ha escapado de palacio y busca comida. Inicialmente, Hidalgo se sorprende y se muestra reacio, pero luego le ofrece un bocadillo y escucha su historia. La infanta, con una voz dulce, revela su identidad como la hija de la reina Isabel y explica que ha estado fuera del palacio durante dos d\u00edas. Hidalgo se preocupa por las consecuencias y el peligro que enfrentar\u00e1n si son descubiertos juntos.<\/p><\/div><a class=\"button\" href=\"https:\/\/www.rmcr.org\/wp-content\/uploads\/2023\/09\/RelatoLargo_4-1.pdf\" class=\"button\" target=\"_blank\">Descargar <\/a><\/div><\/div>\t\t\t\t<\/div>\n\t\t\t\t<\/div>\n\t\t\t\t<div class=\"elementor-element elementor-element-3eccaba elementor-align-center elementor-widget__width-initial elementor-widget elementor-widget-button\" data-id=\"3eccaba\" data-element_type=\"widget\" data-e-type=\"widget\" data-widget_type=\"button.default\">\n\t\t\t\t<div class=\"elementor-widget-container\">\n\t\t\t\t\t\t\t\t\t<div class=\"elementor-button-wrapper\">\n\t\t\t\t\t<a class=\"elementor-button elementor-button-link elementor-size-sm\" href=\"https:\/\/youtu.be\/XIgpMugubww?si=aPzQMyXQeBQVmwlP\" target=\"_blank\">\n\t\t\t\t\t\t<span class=\"elementor-button-content-wrapper\">\n\t\t\t\t\t\t\t\t\t<span class=\"elementor-button-text\">Puedes escuchar el audio de este cap\u00edtulo aqu\u00ed<\/span>\n\t\t\t\t\t<\/span>\n\t\t\t\t\t<\/a>\n\t\t\t\t<\/div>\n\t\t\t\t\t\t\t\t<\/div>\n\t\t\t\t<\/div>\n\t\t\t\t\t<\/div>\n\t\t<\/div>\n\t\t\t\t\t<\/div>\n\t\t<\/section>\n\t\t\t\t<section class=\"elementor-section elementor-top-section elementor-element elementor-element-204c090 elementor-section-boxed elementor-section-height-default elementor-section-height-default\" data-id=\"204c090\" data-element_type=\"section\" data-e-type=\"section\">\n\t\t\t\t\t\t<div class=\"elementor-container elementor-column-gap-default\">\n\t\t\t\t\t<div class=\"elementor-column elementor-col-100 elementor-top-column elementor-element elementor-element-5ddc3b5\" data-id=\"5ddc3b5\" data-element_type=\"column\" data-e-type=\"column\">\n\t\t\t<div class=\"elementor-widget-wrap elementor-element-populated\">\n\t\t\t\t\t\t<div class=\"elementor-element elementor-element-3209b09 elementor-widget elementor-widget-spacer\" data-id=\"3209b09\" data-element_type=\"widget\" data-e-type=\"widget\" data-widget_type=\"spacer.default\">\n\t\t\t\t<div class=\"elementor-widget-container\">\n\t\t\t\t\t\t\t<div class=\"elementor-spacer\">\n\t\t\t<div class=\"elementor-spacer-inner\"><\/div>\n\t\t<\/div>\n\t\t\t\t\t\t<\/div>\n\t\t\t\t<\/div>\n\t\t\t\t<div class=\"elementor-element elementor-element-b78df7b elementor-widget__width-initial elementor-widget elementor-widget-card-image-horizontal\" data-id=\"b78df7b\" data-element_type=\"widget\" data-e-type=\"widget\" data-widget_type=\"card-image-horizontal.default\">\n\t\t\t\t<div class=\"elementor-widget-container\">\n\t\t\t\t\t<div class=\"card-image-horizontal\"> <img decoding=\"async\" src=\"https:\/\/www.rmcr.org\/wp-content\/uploads\/2023\/09\/6.png\" alt=\"\"><div class=\"content\"><h2 class=\"title\">NAPOLE\u00d3N Y TRAGABUCHES<\/h2><div class=\"text\"><p>En el relato, Napole\u00f3n, un caballo percher\u00f3n normando, se ba\u00f1a en el r\u00edo Guadalev\u00edn mientras espera a su amigo Tragabuches. Tragabuches, un contrabandista que evita ba\u00f1arse, se burla de Napole\u00f3n por ba\u00f1arse en agua fr\u00eda. Luego, mientras cepillan a Napole\u00f3n, Tragabuches comparte que una vez se resfri\u00f3 despu\u00e9s de lavarse y ahora evita ba\u00f1arse. Mientras cruzan Ronda, escuchan a la gente buscando un nombre para el nuevo puente. Finalmente, se separan y Napole\u00f3n llega al cuartel donde se encuentra con el mariscal Soult y el general de brigada, quienes discuten sobre los placeres culinarios de la regi\u00f3n antes de su partida.<\/p><\/div><a class=\"button\" href=\"https:\/\/www.rmcr.org\/wp-content\/uploads\/2023\/09\/RelatoLargo_5-1.pdf\" class=\"button\" target=\"_blank\">Descargar <\/a><\/div><\/div>\t\t\t\t<\/div>\n\t\t\t\t<\/div>\n\t\t\t\t\t<\/div>\n\t\t<\/div>\n\t\t\t\t\t<\/div>\n\t\t<\/section>\n\t\t\t\t<section class=\"elementor-section elementor-top-section elementor-element elementor-element-0acc29f elementor-section-boxed elementor-section-height-default elementor-section-height-default\" data-id=\"0acc29f\" data-element_type=\"section\" data-e-type=\"section\">\n\t\t\t\t\t\t<div class=\"elementor-container elementor-column-gap-default\">\n\t\t\t\t\t<div class=\"elementor-column elementor-col-100 elementor-top-column elementor-element elementor-element-812018e\" data-id=\"812018e\" data-element_type=\"column\" data-e-type=\"column\">\n\t\t\t<div class=\"elementor-widget-wrap elementor-element-populated\">\n\t\t\t\t\t\t<div class=\"elementor-element elementor-element-ea2ca5d elementor-align-center elementor-widget__width-initial elementor-widget elementor-widget-button\" data-id=\"ea2ca5d\" data-element_type=\"widget\" data-e-type=\"widget\" data-widget_type=\"button.default\">\n\t\t\t\t<div class=\"elementor-widget-container\">\n\t\t\t\t\t\t\t\t\t<div class=\"elementor-button-wrapper\">\n\t\t\t\t\t<a class=\"elementor-button elementor-button-link elementor-size-sm\" href=\"https:\/\/youtu.be\/jpz7VECItIs?si=epqM3_cOM2HWPch8\" target=\"_blank\">\n\t\t\t\t\t\t<span class=\"elementor-button-content-wrapper\">\n\t\t\t\t\t\t\t\t\t<span class=\"elementor-button-text\">Puedes escuchar el audio de este cap\u00edtulo aqu\u00ed<\/span>\n\t\t\t\t\t<\/span>\n\t\t\t\t\t<\/a>\n\t\t\t\t<\/div>\n\t\t\t\t\t\t\t\t<\/div>\n\t\t\t\t<\/div>\n\t\t\t\t<div class=\"elementor-element elementor-element-02b8331 elementor-widget elementor-widget-spacer\" data-id=\"02b8331\" data-element_type=\"widget\" data-e-type=\"widget\" data-widget_type=\"spacer.default\">\n\t\t\t\t<div class=\"elementor-widget-container\">\n\t\t\t\t\t\t\t<div class=\"elementor-spacer\">\n\t\t\t<div class=\"elementor-spacer-inner\"><\/div>\n\t\t<\/div>\n\t\t\t\t\t\t<\/div>\n\t\t\t\t<\/div>\n\t\t\t\t<div class=\"elementor-element elementor-element-42156f0 elementor-widget__width-initial elementor-widget elementor-widget-card-image-horizontal\" data-id=\"42156f0\" data-element_type=\"widget\" data-e-type=\"widget\" data-widget_type=\"card-image-horizontal.default\">\n\t\t\t\t<div class=\"elementor-widget-container\">\n\t\t\t\t\t<div class=\"card-image-horizontal\"> <img decoding=\"async\" src=\"https:\/\/www.rmcr.org\/wp-content\/uploads\/2023\/09\/7.png\" alt=\"\"><div class=\"content\"><h2 class=\"title\">\u00bfSabemos ya qui\u00e9n es el mejor?<\/h2><div class=\"text\"><p>Descubre las caracter\u00edsticas del caballo. Es fuerte y r\u00e1pido, lo que lo hace perfecto para montar y correr. Sus ojos grandes y orejas m\u00f3viles le ayudan a escuchar y ver todo. El pelaje de los caballos puede ser de muchos colores y siempre es suave. Son amigables y a veces se comunican relinchando o relajando sus orejas.<\/p><\/div><a class=\"button\" href=\"https:\/\/www.rmcr.org\/wp-content\/uploads\/2023\/09\/El-mejor-caballo-de-la-historia.pdf\" class=\"button\" target=\"_blank\">Descargar <\/a><\/div><\/div>\t\t\t\t<\/div>\n\t\t\t\t<\/div>\n\t\t\t\t\t<\/div>\n\t\t<\/div>\n\t\t\t\t\t<\/div>\n\t\t<\/section>\n\t\t\t\t<section class=\"elementor-section elementor-top-section elementor-element elementor-element-9860e21 elementor-section-boxed elementor-section-height-default elementor-section-height-default\" data-id=\"9860e21\" data-element_type=\"section\" data-e-type=\"section\">\n\t\t\t\t\t\t<div class=\"elementor-container elementor-column-gap-default\">\n\t\t\t\t\t<div class=\"elementor-column elementor-col-100 elementor-top-column elementor-element elementor-element-bdef158\" data-id=\"bdef158\" data-element_type=\"column\" data-e-type=\"column\">\n\t\t\t<div class=\"elementor-widget-wrap elementor-element-populated\">\n\t\t\t\t\t\t<div class=\"elementor-element elementor-element-0dcc545 elementor-widget elementor-widget-spacer\" data-id=\"0dcc545\" data-element_type=\"widget\" data-e-type=\"widget\" data-widget_type=\"spacer.default\">\n\t\t\t\t<div class=\"elementor-widget-container\">\n\t\t\t\t\t\t\t<div class=\"elementor-spacer\">\n\t\t\t<div class=\"elementor-spacer-inner\"><\/div>\n\t\t<\/div>\n\t\t\t\t\t\t<\/div>\n\t\t\t\t<\/div>\n\t\t\t\t<div class=\"elementor-element elementor-element-cfb954f elementor-widget__width-initial elementor-widget elementor-widget-card-image-horizontal\" data-id=\"cfb954f\" data-element_type=\"widget\" data-e-type=\"widget\" data-widget_type=\"card-image-horizontal.default\">\n\t\t\t\t<div class=\"elementor-widget-container\">\n\t\t\t\t\t<div class=\"card-image-horizontal\"> <img decoding=\"async\" src=\"https:\/\/www.rmcr.org\/wp-content\/uploads\/2023\/09\/8.png\" alt=\"\"><div class=\"content\"><h2 class=\"title\">EL INFANTE DON GABRIEL Y LOS NI\u00d1OS DE RONDA<\/h2><div class=\"text\"><p>El infante, viajando en globo, se aproxima a Ronda. Aterriza en la plaza de toros y es recibido calurosamente. El p\u00fablico aplaude mientras se le entrega un bast\u00f3n de mando. El infante agradece y comparte una comida con los presentes, incluyendo ni\u00f1os. Luego, regala objetos simb\u00f3licos que representan a los caballos mencionados en sus historias y un emblema que encarna los valores de todos. Finaliza animando a los ni\u00f1os a honrar a sus caballos favoritos.<\/p><\/div><a class=\"button\" href=\"https:\/\/www.rmcr.org\/wp-content\/uploads\/2023\/09\/RelatoLargo_6-1.pdf\" class=\"button\" target=\"_blank\">Descargar <\/a><\/div><\/div>\t\t\t\t<\/div>\n\t\t\t\t<\/div>\n\t\t\t\t\t<\/div>\n\t\t<\/div>\n\t\t\t\t\t<\/div>\n\t\t<\/section>\n\t\t\t\t<section class=\"elementor-section elementor-top-section elementor-element elementor-element-adae37c elementor-section-boxed elementor-section-height-default elementor-section-height-default\" data-id=\"adae37c\" data-element_type=\"section\" data-e-type=\"section\">\n\t\t\t\t\t\t<div class=\"elementor-container elementor-column-gap-default\">\n\t\t\t\t\t<div class=\"elementor-column elementor-col-100 elementor-top-column elementor-element elementor-element-08afc5e\" data-id=\"08afc5e\" data-element_type=\"column\" data-e-type=\"column\">\n\t\t\t<div class=\"elementor-widget-wrap elementor-element-populated\">\n\t\t\t\t\t\t<div class=\"elementor-element elementor-element-7261f09 elementor-align-center elementor-widget__width-initial elementor-widget elementor-widget-button\" data-id=\"7261f09\" data-element_type=\"widget\" data-e-type=\"widget\" data-widget_type=\"button.default\">\n\t\t\t\t<div class=\"elementor-widget-container\">\n\t\t\t\t\t\t\t\t\t<div class=\"elementor-button-wrapper\">\n\t\t\t\t\t<a class=\"elementor-button elementor-button-link elementor-size-sm\" href=\"https:\/\/youtu.be\/L2rEJEM9xP8?si=rxtxeE-6xYI6N0DV\" target=\"_blank\">\n\t\t\t\t\t\t<span class=\"elementor-button-content-wrapper\">\n\t\t\t\t\t\t\t\t\t<span class=\"elementor-button-text\">Puedes escuchar el audio de este cap\u00edtulo aqu\u00ed<\/span>\n\t\t\t\t\t<\/span>\n\t\t\t\t\t<\/a>\n\t\t\t\t<\/div>\n\t\t\t\t\t\t\t\t<\/div>\n\t\t\t\t<\/div>\n\t\t\t\t\t<\/div>\n\t\t<\/div>\n\t\t\t\t\t<\/div>\n\t\t<\/section>\n\t\t\t\t<section class=\"elementor-section elementor-top-section elementor-element elementor-element-5495a76 elementor-section-boxed elementor-section-height-default elementor-section-height-default\" data-id=\"5495a76\" data-element_type=\"section\" data-e-type=\"section\">\n\t\t\t\t\t\t<div class=\"elementor-container elementor-column-gap-default\">\n\t\t\t\t\t<div class=\"elementor-column elementor-col-100 elementor-top-column elementor-element elementor-element-a69f3ae\" data-id=\"a69f3ae\" data-element_type=\"column\" data-e-type=\"column\">\n\t\t\t<div class=\"elementor-widget-wrap\">\n\t\t\t\t\t\t\t<\/div>\n\t\t<\/div>\n\t\t\t\t\t<\/div>\n\t\t<\/section>\n\t\t\t\t<\/div>\n\t\t","protected":false},"excerpt":{"rendered":"<p>UNIDAD DID\u00c1CTICA Teaching Unit La Real Maestranza de Caballer\u00eda de Ronda celebra su 450\u00ba aniversario con un proyecto educativo. Busca compartir su historia y su relaci\u00f3n con Ronda, ofreciendo un recurso did\u00e1ctico para docentes y estudiantes. El objetivo es entender el desarrollo hist\u00f3rico de Ronda, destacando la importancia de la RMR y promoviendo el uso [&hellip;]<\/p>\n","protected":false},"author":5,"featured_media":0,"parent":0,"menu_order":0,"comment_status":"closed","ping_status":"closed","template":"","meta":{"footnotes":""},"class_list":["post-17917","page","type-page","status-publish","hentry"],"yoast_head":"<!-- This site is optimized with the Yoast SEO plugin v27.5 - https:\/\/yoast.com\/product\/yoast-seo-wordpress\/ -->\n<title>Actividad \u00b7 Unidad did\u00e1ctica - Real Maestranza de Caballer\u00eda de Ronda<\/title>\n<meta name=\"robots\" content=\"index, follow, max-snippet:-1, max-image-preview:large, max-video-preview:-1\" \/>\n<link rel=\"canonical\" href=\"https:\/\/www.rmcr.org\/en\/actividad-%c2%b7-unidad-didactica\/\" \/>\n<meta property=\"og:locale\" content=\"en_US\" \/>\n<meta property=\"og:type\" content=\"article\" \/>\n<meta property=\"og:title\" content=\"Actividad \u00b7 Unidad did\u00e1ctica - Real Maestranza de Caballer\u00eda de Ronda\" \/>\n<meta property=\"og:description\" content=\"UNIDAD DID\u00c1CTICA Teaching Unit La Real Maestranza de Caballer\u00eda de Ronda celebra su 450\u00ba aniversario con un proyecto educativo. Busca compartir su historia y su relaci\u00f3n con Ronda, ofreciendo un recurso did\u00e1ctico para docentes y estudiantes. El objetivo es entender el desarrollo hist\u00f3rico de Ronda, destacando la importancia de la RMR y promoviendo el uso [&hellip;]\" \/>\n<meta property=\"og:url\" content=\"https:\/\/www.rmcr.org\/en\/actividad-%c2%b7-unidad-didactica\/\" \/>\n<meta property=\"og:site_name\" content=\"Real Maestranza de Caballer\u00eda de Ronda\" \/>\n<meta property=\"article:publisher\" content=\"https:\/\/www.facebook.com\/plazadetorosronda\" \/>\n<meta property=\"article:modified_time\" content=\"2023-09-28T12:18:34+00:00\" \/>\n<meta property=\"og:image\" content=\"https:\/\/www.rmcr.org\/wp-content\/uploads\/2023\/09\/Portada.png\" \/>\n<meta name=\"twitter:card\" content=\"summary_large_image\" \/>\n<meta name=\"twitter:site\" content=\"@PlazatorosRMR\" \/>\n<meta name=\"twitter:label1\" content=\"Est. reading time\" \/>\n\t<meta name=\"twitter:data1\" content=\"12 minutes\" \/>\n<script type=\"application\/ld+json\" class=\"yoast-schema-graph\">{\"@context\":\"https:\\\/\\\/schema.org\",\"@graph\":[{\"@type\":\"WebPage\",\"@id\":\"https:\\\/\\\/www.rmcr.org\\\/en\\\/actividad-%c2%b7-unidad-didactica\\\/\",\"url\":\"https:\\\/\\\/www.rmcr.org\\\/en\\\/actividad-%c2%b7-unidad-didactica\\\/\",\"name\":\"Actividad \u00b7 Unidad did\u00e1ctica - Real Maestranza de Caballer\u00eda de Ronda\",\"isPartOf\":{\"@id\":\"https:\\\/\\\/www.rmcr.org\\\/en\\\/#website\"},\"primaryImageOfPage\":{\"@id\":\"https:\\\/\\\/www.rmcr.org\\\/en\\\/actividad-%c2%b7-unidad-didactica\\\/#primaryimage\"},\"image\":{\"@id\":\"https:\\\/\\\/www.rmcr.org\\\/en\\\/actividad-%c2%b7-unidad-didactica\\\/#primaryimage\"},\"thumbnailUrl\":\"https:\\\/\\\/www.rmcr.org\\\/wp-content\\\/uploads\\\/2023\\\/09\\\/Portada.png\",\"datePublished\":\"2023-09-28T11:38:43+00:00\",\"dateModified\":\"2023-09-28T12:18:34+00:00\",\"breadcrumb\":{\"@id\":\"https:\\\/\\\/www.rmcr.org\\\/en\\\/actividad-%c2%b7-unidad-didactica\\\/#breadcrumb\"},\"inLanguage\":\"en-US\",\"potentialAction\":[{\"@type\":\"ReadAction\",\"target\":[\"https:\\\/\\\/www.rmcr.org\\\/en\\\/actividad-%c2%b7-unidad-didactica\\\/\"]}]},{\"@type\":\"ImageObject\",\"inLanguage\":\"en-US\",\"@id\":\"https:\\\/\\\/www.rmcr.org\\\/en\\\/actividad-%c2%b7-unidad-didactica\\\/#primaryimage\",\"url\":\"https:\\\/\\\/www.rmcr.org\\\/wp-content\\\/uploads\\\/2023\\\/09\\\/Portada.png\",\"contentUrl\":\"https:\\\/\\\/www.rmcr.org\\\/wp-content\\\/uploads\\\/2023\\\/09\\\/Portada.png\"},{\"@type\":\"BreadcrumbList\",\"@id\":\"https:\\\/\\\/www.rmcr.org\\\/en\\\/actividad-%c2%b7-unidad-didactica\\\/#breadcrumb\",\"itemListElement\":[{\"@type\":\"ListItem\",\"position\":1,\"name\":\"REAL MAESTRANZA DE CABALLER\u00cdA DE RONDA\",\"item\":\"https:\\\/\\\/www.rmcr.org\\\/en\\\/\"},{\"@type\":\"ListItem\",\"position\":2,\"name\":\"Actividad \u00b7 Unidad did\u00e1ctica\"}]},{\"@type\":\"WebSite\",\"@id\":\"https:\\\/\\\/www.rmcr.org\\\/en\\\/#website\",\"url\":\"https:\\\/\\\/www.rmcr.org\\\/en\\\/\",\"name\":\"Real Maestranza de Caballer\u00eda de Ronda\",\"description\":\"Real Maestranza de Caballer\u00eda de Ronda\",\"publisher\":{\"@id\":\"https:\\\/\\\/www.rmcr.org\\\/en\\\/#organization\"},\"alternateName\":\"RMCR\",\"potentialAction\":[{\"@type\":\"SearchAction\",\"target\":{\"@type\":\"EntryPoint\",\"urlTemplate\":\"https:\\\/\\\/www.rmcr.org\\\/en\\\/?s={search_term_string}\"},\"query-input\":{\"@type\":\"PropertyValueSpecification\",\"valueRequired\":true,\"valueName\":\"search_term_string\"}}],\"inLanguage\":\"en-US\"},{\"@type\":\"Organization\",\"@id\":\"https:\\\/\\\/www.rmcr.org\\\/en\\\/#organization\",\"name\":\"Real Maestranza de Caballer\u00eda de Ronda\",\"alternateName\":\"RMR\",\"url\":\"https:\\\/\\\/www.rmcr.org\\\/en\\\/\",\"logo\":{\"@type\":\"ImageObject\",\"inLanguage\":\"en-US\",\"@id\":\"https:\\\/\\\/www.rmcr.org\\\/en\\\/#\\\/schema\\\/logo\\\/image\\\/\",\"url\":\"https:\\\/\\\/www.rmcr.org\\\/wp-content\\\/uploads\\\/2022\\\/07\\\/logo-rmr-blue.svg\",\"contentUrl\":\"https:\\\/\\\/www.rmcr.org\\\/wp-content\\\/uploads\\\/2022\\\/07\\\/logo-rmr-blue.svg\",\"width\":131,\"height\":129,\"caption\":\"Real Maestranza de Caballer\u00eda de Ronda\"},\"image\":{\"@id\":\"https:\\\/\\\/www.rmcr.org\\\/en\\\/#\\\/schema\\\/logo\\\/image\\\/\"},\"sameAs\":[\"https:\\\/\\\/www.facebook.com\\\/plazadetorosronda\",\"https:\\\/\\\/x.com\\\/PlazatorosRMR\",\"https:\\\/\\\/www.instagram.com\\\/realmaestranzaderonda\\\/\",\"https:\\\/\\\/www.youtube.com\\\/channel\\\/UCrbO5IUN-8v_QML739vM4zg\\\/videos\"]}]}<\/script>\n<!-- \/ Yoast SEO plugin. -->","yoast_head_json":{"title":"Actividad \u00b7 Unidad did\u00e1ctica - Real Maestranza de Caballer\u00eda de Ronda","robots":{"index":"index","follow":"follow","max-snippet":"max-snippet:-1","max-image-preview":"max-image-preview:large","max-video-preview":"max-video-preview:-1"},"canonical":"https:\/\/www.rmcr.org\/en\/actividad-%c2%b7-unidad-didactica\/","og_locale":"en_US","og_type":"article","og_title":"Actividad \u00b7 Unidad did\u00e1ctica - Real Maestranza de Caballer\u00eda de Ronda","og_description":"UNIDAD DID\u00c1CTICA Teaching Unit La Real Maestranza de Caballer\u00eda de Ronda celebra su 450\u00ba aniversario con un proyecto educativo. Busca compartir su historia y su relaci\u00f3n con Ronda, ofreciendo un recurso did\u00e1ctico para docentes y estudiantes. El objetivo es entender el desarrollo hist\u00f3rico de Ronda, destacando la importancia de la RMR y promoviendo el uso [&hellip;]","og_url":"https:\/\/www.rmcr.org\/en\/actividad-%c2%b7-unidad-didactica\/","og_site_name":"Real Maestranza de Caballer\u00eda de Ronda","article_publisher":"https:\/\/www.facebook.com\/plazadetorosronda","article_modified_time":"2023-09-28T12:18:34+00:00","og_image":[{"url":"https:\/\/www.rmcr.org\/wp-content\/uploads\/2023\/09\/Portada.png","type":"","width":"","height":""}],"twitter_card":"summary_large_image","twitter_site":"@PlazatorosRMR","twitter_misc":{"Est. reading time":"12 minutes"},"schema":{"@context":"https:\/\/schema.org","@graph":[{"@type":"WebPage","@id":"https:\/\/www.rmcr.org\/en\/actividad-%c2%b7-unidad-didactica\/","url":"https:\/\/www.rmcr.org\/en\/actividad-%c2%b7-unidad-didactica\/","name":"Actividad \u00b7 Unidad did\u00e1ctica - Real Maestranza de Caballer\u00eda de Ronda","isPartOf":{"@id":"https:\/\/www.rmcr.org\/en\/#website"},"primaryImageOfPage":{"@id":"https:\/\/www.rmcr.org\/en\/actividad-%c2%b7-unidad-didactica\/#primaryimage"},"image":{"@id":"https:\/\/www.rmcr.org\/en\/actividad-%c2%b7-unidad-didactica\/#primaryimage"},"thumbnailUrl":"https:\/\/www.rmcr.org\/wp-content\/uploads\/2023\/09\/Portada.png","datePublished":"2023-09-28T11:38:43+00:00","dateModified":"2023-09-28T12:18:34+00:00","breadcrumb":{"@id":"https:\/\/www.rmcr.org\/en\/actividad-%c2%b7-unidad-didactica\/#breadcrumb"},"inLanguage":"en-US","potentialAction":[{"@type":"ReadAction","target":["https:\/\/www.rmcr.org\/en\/actividad-%c2%b7-unidad-didactica\/"]}]},{"@type":"ImageObject","inLanguage":"en-US","@id":"https:\/\/www.rmcr.org\/en\/actividad-%c2%b7-unidad-didactica\/#primaryimage","url":"https:\/\/www.rmcr.org\/wp-content\/uploads\/2023\/09\/Portada.png","contentUrl":"https:\/\/www.rmcr.org\/wp-content\/uploads\/2023\/09\/Portada.png"},{"@type":"BreadcrumbList","@id":"https:\/\/www.rmcr.org\/en\/actividad-%c2%b7-unidad-didactica\/#breadcrumb","itemListElement":[{"@type":"ListItem","position":1,"name":"REAL MAESTRANZA DE CABALLER\u00cdA DE RONDA","item":"https:\/\/www.rmcr.org\/en\/"},{"@type":"ListItem","position":2,"name":"Actividad \u00b7 Unidad did\u00e1ctica"}]},{"@type":"WebSite","@id":"https:\/\/www.rmcr.org\/en\/#website","url":"https:\/\/www.rmcr.org\/en\/","name":"Real Maestranza de Caballer\u00eda de Ronda","description":"Real Maestranza de Caballer\u00eda de Ronda","publisher":{"@id":"https:\/\/www.rmcr.org\/en\/#organization"},"alternateName":"RMCR","potentialAction":[{"@type":"SearchAction","target":{"@type":"EntryPoint","urlTemplate":"https:\/\/www.rmcr.org\/en\/?s={search_term_string}"},"query-input":{"@type":"PropertyValueSpecification","valueRequired":true,"valueName":"search_term_string"}}],"inLanguage":"en-US"},{"@type":"Organization","@id":"https:\/\/www.rmcr.org\/en\/#organization","name":"Real Maestranza de Caballer\u00eda de Ronda","alternateName":"RMR","url":"https:\/\/www.rmcr.org\/en\/","logo":{"@type":"ImageObject","inLanguage":"en-US","@id":"https:\/\/www.rmcr.org\/en\/#\/schema\/logo\/image\/","url":"https:\/\/www.rmcr.org\/wp-content\/uploads\/2022\/07\/logo-rmr-blue.svg","contentUrl":"https:\/\/www.rmcr.org\/wp-content\/uploads\/2022\/07\/logo-rmr-blue.svg","width":131,"height":129,"caption":"Real Maestranza de Caballer\u00eda de Ronda"},"image":{"@id":"https:\/\/www.rmcr.org\/en\/#\/schema\/logo\/image\/"},"sameAs":["https:\/\/www.facebook.com\/plazadetorosronda","https:\/\/x.com\/PlazatorosRMR","https:\/\/www.instagram.com\/realmaestranzaderonda\/","https:\/\/www.youtube.com\/channel\/UCrbO5IUN-8v_QML739vM4zg\/videos"]}]}},"_links":{"self":[{"href":"https:\/\/www.rmcr.org\/en\/wp-json\/wp\/v2\/pages\/17917","targetHints":{"allow":["GET"]}}],"collection":[{"href":"https:\/\/www.rmcr.org\/en\/wp-json\/wp\/v2\/pages"}],"about":[{"href":"https:\/\/www.rmcr.org\/en\/wp-json\/wp\/v2\/types\/page"}],"author":[{"embeddable":true,"href":"https:\/\/www.rmcr.org\/en\/wp-json\/wp\/v2\/users\/5"}],"replies":[{"embeddable":true,"href":"https:\/\/www.rmcr.org\/en\/wp-json\/wp\/v2\/comments?post=17917"}],"version-history":[{"count":91,"href":"https:\/\/www.rmcr.org\/en\/wp-json\/wp\/v2\/pages\/17917\/revisions"}],"predecessor-version":[{"id":18375,"href":"https:\/\/www.rmcr.org\/en\/wp-json\/wp\/v2\/pages\/17917\/revisions\/18375"}],"wp:attachment":[{"href":"https:\/\/www.rmcr.org\/en\/wp-json\/wp\/v2\/media?parent=17917"}],"curies":[{"name":"wp","href":"https:\/\/api.w.org\/{rel}","templated":true}]}}