{"version":"1.0","provider_name":"Real Maestranza de Caballer\u00eda de Ronda","provider_url":"https:\/\/www.rmcr.org\/en\/","title":"Arquitectura de la Plaza de Toros de Ronda - Real Maestranza de Caballer\u00eda de Ronda","type":"rich","width":600,"height":338,"html":"<blockquote class=\"wp-embedded-content\" data-secret=\"047ZCG8s0L\"><a href=\"https:\/\/www.rmcr.org\/en\/2018\/10\/05\/arquitectura-de-la-plaza-de-toros-de-ronda\/\">Arquitectura de la Plaza de Toros de Ronda<\/a><\/blockquote><iframe sandbox=\"allow-scripts\" security=\"restricted\" src=\"https:\/\/www.rmcr.org\/en\/2018\/10\/05\/arquitectura-de-la-plaza-de-toros-de-ronda\/embed\/#?secret=047ZCG8s0L\" width=\"600\" height=\"338\" title=\"&#8220;Arquitectura de la Plaza de Toros de Ronda&#8221; &#8212; Real Maestranza de Caballer\u00eda de Ronda\" data-secret=\"047ZCG8s0L\" frameborder=\"0\" marginwidth=\"0\" marginheight=\"0\" scrolling=\"no\" class=\"wp-embedded-content\"><\/iframe><script>\n\/*! This file is auto-generated *\/\n!function(d,l){\"use strict\";l.querySelector&&d.addEventListener&&\"undefined\"!=typeof URL&&(d.wp=d.wp||{},d.wp.receiveEmbedMessage||(d.wp.receiveEmbedMessage=function(e){var t=e.data;if((t||t.secret||t.message||t.value)&&!\/[^a-zA-Z0-9]\/.test(t.secret)){for(var s,r,n,a=l.querySelectorAll('iframe[data-secret=\"'+t.secret+'\"]'),o=l.querySelectorAll('blockquote[data-secret=\"'+t.secret+'\"]'),c=new RegExp(\"^https?:$\",\"i\"),i=0;i<o.length;i++)o[i].style.display=\"none\";for(i=0;i<a.length;i++)s=a[i],e.source===s.contentWindow&&(s.removeAttribute(\"style\"),\"height\"===t.message?(1e3<(r=parseInt(t.value,10))?r=1e3:~~r<200&&(r=200),s.height=r):\"link\"===t.message&&(r=new URL(s.getAttribute(\"src\")),n=new URL(t.value),c.test(n.protocol))&&n.host===r.host&&l.activeElement===s&&(d.top.location.href=t.value))}},d.addEventListener(\"message\",d.wp.receiveEmbedMessage,!1),l.addEventListener(\"DOMContentLoaded\",function(){for(var e,t,s=l.querySelectorAll(\"iframe.wp-embedded-content\"),r=0;r<s.length;r++)(t=(e=s[r]).getAttribute(\"data-secret\"))||(t=Math.random().toString(36).substring(2,12),e.src+=\"#?secret=\"+t,e.setAttribute(\"data-secret\",t)),e.contentWindow.postMessage({message:\"ready\",secret:t},\"*\")},!1)))}(window,document);\n\/\/# sourceURL=https:\/\/www.rmcr.org\/wp-includes\/js\/wp-embed.min.js\n<\/script>\n","thumbnail_url":"https:\/\/www.rmcr.org\/wp-content\/uploads\/2018\/10\/afc12-n48-003_004.jpg","thumbnail_width":482,"thumbnail_height":143,"description":"Para cerrar la Semana de la Arquitectura, promovida por la Uni\u00f3n Internacional de Arquitectos para la celebraci\u00f3n del D\u00eda Mundial de la Arquitectura, queremos sumarnos publicando un texto\u00a0titulado \u201cPlaza de Toros de la Real Maestranza de Caballer\u00eda de Ronda\u201d, del arquitecto ronde\u00f1o Diego Albarrac\u00edn Gim\u00e9nez, que forma parte del libro \u201cHomenaje a los toreros ronde\u00f1os [&hellip;]"}