{"version":"1.0","provider_name":"Real Maestranza de Caballer\u00eda de Ronda","provider_url":"https:\/\/www.rmcr.org\/en\/","title":"Concierto del D\u00eda de las Fuerzas Armadas 2016 - Real Maestranza de Caballer\u00eda de Ronda","type":"rich","width":600,"height":338,"html":"<blockquote class=\"wp-embedded-content\" data-secret=\"vO3LeNhFbm\"><a href=\"https:\/\/www.rmcr.org\/en\/2016\/05\/18\/concierto-del-dia-de-las-fuerzas-armadas-2016\/\">Concierto del D\u00eda de las Fuerzas Armadas 2016<\/a><\/blockquote><iframe sandbox=\"allow-scripts\" security=\"restricted\" src=\"https:\/\/www.rmcr.org\/en\/2016\/05\/18\/concierto-del-dia-de-las-fuerzas-armadas-2016\/embed\/#?secret=vO3LeNhFbm\" width=\"600\" height=\"338\" title=\"&#8220;Concierto del D\u00eda de las Fuerzas Armadas 2016&#8221; &#8212; Real Maestranza de Caballer\u00eda de Ronda\" data-secret=\"vO3LeNhFbm\" frameborder=\"0\" marginwidth=\"0\" marginheight=\"0\" scrolling=\"no\" class=\"wp-embedded-content\"><\/iframe><script>\n\/*! This file is auto-generated *\/\n!function(d,l){\"use strict\";l.querySelector&&d.addEventListener&&\"undefined\"!=typeof URL&&(d.wp=d.wp||{},d.wp.receiveEmbedMessage||(d.wp.receiveEmbedMessage=function(e){var t=e.data;if((t||t.secret||t.message||t.value)&&!\/[^a-zA-Z0-9]\/.test(t.secret)){for(var s,r,n,a=l.querySelectorAll('iframe[data-secret=\"'+t.secret+'\"]'),o=l.querySelectorAll('blockquote[data-secret=\"'+t.secret+'\"]'),c=new RegExp(\"^https?:$\",\"i\"),i=0;i<o.length;i++)o[i].style.display=\"none\";for(i=0;i<a.length;i++)s=a[i],e.source===s.contentWindow&&(s.removeAttribute(\"style\"),\"height\"===t.message?(1e3<(r=parseInt(t.value,10))?r=1e3:~~r<200&&(r=200),s.height=r):\"link\"===t.message&&(r=new URL(s.getAttribute(\"src\")),n=new URL(t.value),c.test(n.protocol))&&n.host===r.host&&l.activeElement===s&&(d.top.location.href=t.value))}},d.addEventListener(\"message\",d.wp.receiveEmbedMessage,!1),l.addEventListener(\"DOMContentLoaded\",function(){for(var e,t,s=l.querySelectorAll(\"iframe.wp-embedded-content\"),r=0;r<s.length;r++)(t=(e=s[r]).getAttribute(\"data-secret\"))||(t=Math.random().toString(36).substring(2,12),e.src+=\"#?secret=\"+t,e.setAttribute(\"data-secret\",t)),e.contentWindow.postMessage({message:\"ready\",secret:t},\"*\")},!1)))}(window,document);\n\/\/# sourceURL=https:\/\/www.rmcr.org\/wp-includes\/js\/wp-embed.min.js\n<\/script>\n","thumbnail_url":"https:\/\/www.rmcr.org\/wp-content\/uploads\/2016\/05\/leg.jpg","thumbnail_width":482,"thumbnail_height":140,"description":"El mi\u00e9rcoles 25 de mayo de 2016, a las 20:00 horas, en la Plaza de Toros de la Real Maestranza de Caballer\u00eda de Ronda, tendr\u00e1 lugar el Concierto del D\u00eda de las Fuerzas Armadas 2016. En el mismo participar\u00e1n la Unidad de M\u00fasica de La Legi\u00f3n y la Banda Municipal de M\u00fasica de Ronda, as\u00ed [&hellip;]"}